{"id":2901,"date":"2020-05-18T14:52:06","date_gmt":"2020-05-18T14:52:06","guid":{"rendered":"https:\/\/www.dulastirma.com\/?page_id=2901"},"modified":"2025-05-06T21:18:25","modified_gmt":"2025-05-06T18:18:25","slug":"yesil-lojistik","status":"publish","type":"page","link":"https:\/\/www.dulastirma.com\/en\/yesil-lojistik\/","title":{"rendered":"Ye\u015fil Lojistik"},"content":{"rendered":"<div id=\"ez-toc-container\" class=\"ez-toc-v2_0_75 counter-hierarchy ez-toc-counter ez-toc-grey ez-toc-container-direction\">\n<div class=\"ez-toc-title-container\">\n<p class=\"ez-toc-title\" style=\"cursor:inherit\">\u0130\u00e7indekiler<\/p>\n<span class=\"ez-toc-title-toggle\"><a href=\"#\" class=\"ez-toc-pull-right ez-toc-btn ez-toc-btn-xs ez-toc-btn-default ez-toc-toggle\" aria-label=\"Toggle Table of Content\"><span class=\"ez-toc-js-icon-con\"><span class=\"\"><span class=\"eztoc-hide\" style=\"display:none;\">Toggle<\/span><span class=\"ez-toc-icon-toggle-span\"><svg style=\"fill: #0a0a0a;color:#0a0a0a\" xmlns=\"http:\/\/www.w3.org\/2000\/svg\" class=\"list-377408\" width=\"20px\" height=\"20px\" viewbox=\"0 0 24 24\" fill=\"none\"><path d=\"M6 6H4v2h2V6zm14 0H8v2h12V6zM4 11h2v2H4v-2zm16 0H8v2h12v-2zM4 16h2v2H4v-2zm16 0H8v2h12v-2z\" fill=\"currentColor\"><\/path><\/svg><svg style=\"fill: #0a0a0a;color:#0a0a0a\" class=\"arrow-unsorted-368013\" xmlns=\"http:\/\/www.w3.org\/2000\/svg\" width=\"10px\" height=\"10px\" viewbox=\"0 0 24 24\" version=\"1.2\" baseprofile=\"tiny\"><path d=\"M18.2 9.3l-6.2-6.3-6.2 6.3c-.2.2-.3.4-.3.7s.1.5.3.7c.2.2.4.3.7.3h11c.3 0 .5-.1.7-.3.2-.2.3-.5.3-.7s-.1-.5-.3-.7zM5.8 14.7l6.2 6.3 6.2-6.3c.2-.2.3-.5.3-.7s-.1-.5-.3-.7c-.2-.2-.4-.3-.7-.3h-11c-.3 0-.5.1-.7.3-.2.2-.3.5-.3.7s.1.5.3.7z\"\/><\/svg><\/span><\/span><\/span><\/a><\/span><\/div>\n<nav><ul class='ez-toc-list ez-toc-list-level-1 eztoc-toggle-hide-by-default' ><li class='ez-toc-page-1 ez-toc-heading-level-1'><a class=\"ez-toc-link ez-toc-heading-1\" href=\"https:\/\/www.dulastirma.com\/en\/yesil-lojistik\/#Yesil_Lojistik_Nedir\" >Ye\u015fil Lojistik Nedir?<\/a><ul class='ez-toc-list-level-2' ><li class='ez-toc-heading-level-2'><a class=\"ez-toc-link ez-toc-heading-2\" href=\"https:\/\/www.dulastirma.com\/en\/yesil-lojistik\/#D-Ulastirma_Olarak_Neden_Yesil_Lojistik\" >D-Ula\u015ft\u0131rma Olarak Neden Ye\u015fil Lojistik?<\/a><\/li><li class='ez-toc-page-1 ez-toc-heading-level-2'><a class=\"ez-toc-link ez-toc-heading-3\" href=\"https:\/\/www.dulastirma.com\/en\/yesil-lojistik\/#Cevre_Dostu_Tasima_Araclari\" >\u00c7evre Dostu Ta\u015f\u0131ma Ara\u00e7lar\u0131<\/a><\/li><li class='ez-toc-page-1 ez-toc-heading-level-2'><a class=\"ez-toc-link ez-toc-heading-4\" href=\"https:\/\/www.dulastirma.com\/en\/yesil-lojistik\/#Enerji_Verimli_Depolama_Sistemleri\" >Enerji Verimli Depolama Sistemleri<\/a><\/li><li class='ez-toc-page-1 ez-toc-heading-level-2'><a class=\"ez-toc-link ez-toc-heading-5\" href=\"https:\/\/www.dulastirma.com\/en\/yesil-lojistik\/#Atik_Yonetimi_ve_Geri_Donusum_Uygulamalari\" >At\u0131k Y\u00f6netimi ve Geri D\u00f6n\u00fc\u015f\u00fcm Uygulamalar\u0131<\/a><\/li><li class='ez-toc-page-1 ez-toc-heading-level-2'><a class=\"ez-toc-link ez-toc-heading-6\" href=\"https:\/\/www.dulastirma.com\/en\/yesil-lojistik\/#Dijitallesme_ve_Karbon_Ayak_Izi_Azaltimi\" >Dijitalle\u015fme ve Karbon Ayak \u0130zi Azalt\u0131m\u0131<\/a><\/li><li class='ez-toc-page-1 ez-toc-heading-level-2'><a class=\"ez-toc-link ez-toc-heading-7\" href=\"https:\/\/www.dulastirma.com\/en\/yesil-lojistik\/#ADR_ve_Soguk_Zincir_Tasimaciliginda_Surdurulebilirlik\" >ADR ve So\u011fuk Zincir Ta\u015f\u0131mac\u0131l\u0131\u011f\u0131nda S\u00fcrd\u00fcr\u00fclebilirlik<\/a><\/li><\/ul><\/li><\/ul><\/nav><\/div>\n<div class=\"vc_row\"><div class=\"zy-vc-wrapper\"><div class=\"wpb_column kolaso_column vc_column_container vc_col-sm-6\"><div class=\"vc_column-inner\"><div class=\"zy_wrapper wpb_wrapper\">\n\t<div  class=\"wpb_single_image wpb_content_element vc_align_center\">\n\t\t\n\t\t<figure class=\"wpb_wrapper vc_figure\">\n\t\t\t<div class=\"vc_single_image-wrapper   vc_box_border_grey\"><img width=\"200\" height=\"200\" src=\"https:\/\/www.dulastirma.com\/wp-content\/uploads\/2020\/05\/yesil-lojistik.png\" class=\"vc_single_image-img attachment-full\" alt=\"ye\u015fil lojistik nedir\" decoding=\"async\" srcset=\"https:\/\/www.dulastirma.com\/wp-content\/uploads\/2020\/05\/yesil-lojistik.png 200w, https:\/\/www.dulastirma.com\/wp-content\/uploads\/2020\/05\/yesil-lojistik-150x150.png 150w\" sizes=\"(max-width: 200px) 100vw, 200px\" \/><\/div>\n\t\t<\/figure>\n\t<\/div>\n<\/div><\/div><\/div><div class=\"wpb_column kolaso_column vc_column_container vc_col-sm-6\"><div class=\"vc_column-inner\"><div class=\"zy_wrapper wpb_wrapper\">\n\t<div class=\"wpb_text_column wpb_content_element\" >\n\t\t<div class=\"wpb_wrapper\">\n\t\t\t<h1 data-start=\"120\" data-end=\"144\"><span class=\"ez-toc-section\" id=\"Yesil_Lojistik_Nedir\"><\/span>Ye\u015fil Lojistik Nedir?<span class=\"ez-toc-section-end\"><\/span><\/h1>\n<p class=\"\" data-start=\"146\" data-end=\"503\">G\u00fcn\u00fcm\u00fczde lojistik sekt\u00f6r\u00fcnde \u00e7evresel s\u00fcrd\u00fcr\u00fclebilirlik, yaln\u0131zca bir tercih de\u011fil; ayn\u0131 zamanda bir sorumluluk haline gelmi\u015ftir. <strong data-start=\"277\" data-end=\"295\">Ye\u015fil lojistik<\/strong>, lojistik faaliyetlerin do\u011faya olan olumsuz etkilerini azaltmay\u0131 hedefleyen bir yakla\u015f\u0131md\u0131r. Bu kapsamda; ta\u015f\u0131mac\u0131l\u0131k, depolama, ambalajlama ve da\u011f\u0131t\u0131m gibi s\u00fcre\u00e7lerde \u00e7evreye duyarl\u0131 uygulamalar benimsenir.<\/p>\n\n\t\t<\/div>\n\t<\/div>\n<\/div><\/div><\/div><\/div><\/div><div class=\"vc_row\"><div class=\"zy-vc-wrapper\"><div class=\"wpb_column kolaso_column vc_column_container vc_col-sm-12\"><div class=\"vc_column-inner\"><div class=\"zy_wrapper wpb_wrapper\"><div class=\"vc_empty_space\"   style=\"height: 10px\"><span class=\"vc_empty_space_inner\"><\/span><\/div><\/div><\/div><\/div><\/div><\/div><div class=\"vc_row\"><div class=\"zy-vc-wrapper\"><div class=\"wpb_column kolaso_column vc_column_container vc_col-sm-12\"><div class=\"vc_column-inner\"><div class=\"zy_wrapper wpb_wrapper\">\n\t<div class=\"wpb_text_column wpb_content_element\" >\n\t\t<div class=\"wpb_wrapper\">\n\t\t\t<p class=\"\" data-start=\"505\" data-end=\"838\">Ye\u015fil lojistik, karbon sal\u0131m\u0131n\u0131 azaltmay\u0131, enerji t\u00fcketimini minimuma indirmeyi, at\u0131k y\u00f6netimini etkin hale getirmeyi ve do\u011fal kaynaklar\u0131n korunmas\u0131n\u0131 ama\u00e7layan b\u00fct\u00fcnsel bir sistemdir. Bu yakla\u015f\u0131m; hem \u00e7evresel duyarl\u0131l\u0131\u011f\u0131 olan m\u00fc\u015fteriler taraf\u0131ndan tercih edilmekte, hem de k\u00fcresel s\u00fcrd\u00fcr\u00fclebilirlik hedeflerine katk\u0131 sa\u011flamaktad\u0131r.<\/p>\n<p class=\"\" data-start=\"840\" data-end=\"1089\">D-Ula\u015ft\u0131rma olarak, lojistik s\u00fcre\u00e7lerimizi \u00e7evre dostu hale getirmek ad\u0131na att\u0131\u011f\u0131m\u0131z ad\u0131mlarla, hem \u00fclkemizin hem de gezegenimizin gelece\u011fine de\u011fer kat\u0131yoruz. Operasyonlar\u0131m\u0131zda verimlili\u011fi art\u0131r\u0131rken, do\u011fay\u0131 korumay\u0131 temel ilke olarak benimsiyoruz.<\/p>\n\n\t\t<\/div>\n\t<\/div>\n<div class=\"vc_empty_space\"   style=\"height: 10px\"><span class=\"vc_empty_space_inner\"><\/span><\/div><\/div><\/div><\/div><\/div><\/div><div class=\"vc_row\"><div class=\"zy-vc-wrapper\"><div class=\"wpb_column kolaso_column vc_column_container vc_col-sm-12\"><div class=\"vc_column-inner\"><div class=\"zy_wrapper wpb_wrapper\"><\/div><\/div><\/div><\/div><\/div><div class=\"vc_row\"><div class=\"zy-vc-wrapper\"><div class=\"wpb_column kolaso_column vc_column_container vc_col-sm-8\"><div class=\"vc_column-inner\"><div class=\"zy_wrapper wpb_wrapper\">\n\t<div class=\"wpb_text_column wpb_content_element\" >\n\t\t<div class=\"wpb_wrapper\">\n\t\t\t<h2 class=\"\" data-start=\"132\" data-end=\"175\"><span class=\"ez-toc-section\" id=\"D-Ulastirma_Olarak_Neden_Yesil_Lojistik\"><\/span>D-Ula\u015ft\u0131rma Olarak Neden Ye\u015fil Lojistik?<span class=\"ez-toc-section-end\"><\/span><\/h2>\n<p class=\"\" data-start=\"177\" data-end=\"605\">D-Ula\u015ft\u0131rma olarak, yaln\u0131zca ta\u015f\u0131ma ve depolama hizmeti sunmakla kalm\u0131yor; ayn\u0131 zamanda \u00e7evreye duyarl\u0131, s\u00fcrd\u00fcr\u00fclebilir bir lojistik anlay\u0131\u015f\u0131n\u0131 benimsiyoruz. G\u00fcn\u00fcm\u00fcz d\u00fcnyas\u0131nda \u00e7evresel sorumluluk, kurumsal vizyonumuzun vazge\u00e7ilmez bir par\u00e7as\u0131d\u0131r. Ye\u015fil lojistik yakla\u015f\u0131m\u0131m\u0131z, sadece karbon sal\u0131m\u0131n\u0131 azaltmay\u0131 de\u011fil; ayn\u0131 zamanda kaynak kullan\u0131m\u0131nda verimlili\u011fi art\u0131rmay\u0131 ve \u00e7evresel etkileri minimuma indirmeyi hedeflemektedir.<\/p>\n<p class=\"\" data-start=\"607\" data-end=\"848\">Lojistik sekt\u00f6r\u00fcn\u00fcn \u00e7evre \u00fczerindeki etkilerinin fark\u0131nday\u0131z. Bu nedenle, do\u011fa dostu ara\u00e7 filomuz, enerji tasarruflu depolar\u0131m\u0131z ve at\u0131k y\u00f6netim s\u00fcre\u00e7lerimizle, hem yerel hem de uluslararas\u0131 lojistikte s\u00fcrd\u00fcr\u00fclebilirli\u011fi \u00f6nceliklendiriyoruz.<\/p>\n<p class=\"\" data-start=\"850\" data-end=\"1118\">Ayr\u0131ca Avrupa <a href=\"https:\/\/ticaret.gov.tr\/dis-iliskiler\/yesil-mutabakat\">Ye\u015fil Mutabakat<\/a>\u0131 (Green Deal) \u00e7er\u00e7evesinde belirlenen \u00e7evre hedefleriyle uyumlu hareket ederek, m\u00fc\u015fterilerimize \u00e7evreye duyarl\u0131 lojistik \u00e7\u00f6z\u00fcmler sunman\u0131n gururunu ya\u015f\u0131yoruz. Her g\u00f6nderinin sadece var\u0131\u015f noktas\u0131na de\u011fil, gelece\u011fe de ula\u015fmas\u0131n\u0131 sa\u011fl\u0131yoruz.<\/p>\n\n\t\t<\/div>\n\t<\/div>\n<\/div><\/div><\/div><div class=\"wpb_column kolaso_column vc_column_container vc_col-sm-4\"><div class=\"vc_column-inner\"><div class=\"zy_wrapper wpb_wrapper\">\n\t<div  class=\"wpb_single_image wpb_content_element vc_align_left\">\n\t\t\n\t\t<figure class=\"wpb_wrapper vc_figure\">\n\t\t\t<div class=\"vc_single_image-wrapper   vc_box_border_grey\"><img width=\"1024\" height=\"1024\" src=\"https:\/\/www.dulastirma.com\/wp-content\/uploads\/2025\/05\/d-ulastirma_yesil-lojistik.jpg\" class=\"vc_single_image-img attachment-full\" alt=\"\" decoding=\"async\" srcset=\"https:\/\/www.dulastirma.com\/wp-content\/uploads\/2025\/05\/d-ulastirma_yesil-lojistik.jpg 1024w, https:\/\/www.dulastirma.com\/wp-content\/uploads\/2025\/05\/d-ulastirma_yesil-lojistik-300x300.jpg 300w, https:\/\/www.dulastirma.com\/wp-content\/uploads\/2025\/05\/d-ulastirma_yesil-lojistik-150x150.jpg 150w, https:\/\/www.dulastirma.com\/wp-content\/uploads\/2025\/05\/d-ulastirma_yesil-lojistik-768x768.jpg 768w, https:\/\/www.dulastirma.com\/wp-content\/uploads\/2025\/05\/d-ulastirma_yesil-lojistik-800x800.jpg 800w, https:\/\/www.dulastirma.com\/wp-content\/uploads\/2025\/05\/d-ulastirma_yesil-lojistik-400x400.jpg 400w\" sizes=\"(max-width: 1024px) 100vw, 1024px\" \/><\/div>\n\t\t<\/figure>\n\t<\/div>\n<\/div><\/div><\/div><\/div><\/div><div class=\"vc_row\"><div class=\"zy-vc-wrapper\"><div class=\"wpb_column kolaso_column vc_column_container vc_col-sm-12\"><div class=\"vc_column-inner\"><div class=\"zy_wrapper wpb_wrapper\"><div class=\"vc_empty_space\"   style=\"height: 32px\"><span class=\"vc_empty_space_inner\"><\/span><\/div><\/div><\/div><\/div><\/div><\/div><div class=\"vc_row\"><div class=\"zy-vc-wrapper\"><div class=\"wpb_column kolaso_column vc_column_container vc_col-sm-12\"><div class=\"vc_column-inner\"><div class=\"zy_wrapper wpb_wrapper\">\n\t<div class=\"wpb_text_column wpb_content_element\" >\n\t\t<div class=\"wpb_wrapper\">\n\t\t\t<h2 class=\"\" data-start=\"183\" data-end=\"213\"><span class=\"ez-toc-section\" id=\"Cevre_Dostu_Tasima_Araclari\"><\/span>\u00c7evre Dostu Ta\u015f\u0131ma Ara\u00e7lar\u0131<span class=\"ez-toc-section-end\"><\/span><\/h2>\n<p class=\"\" data-start=\"215\" data-end=\"665\">Lojistik sekt\u00f6r\u00fcnde s\u00fcrd\u00fcr\u00fclebilirlik hedeflerine ula\u015fman\u0131n en etkili yollar\u0131ndan biri, \u00e7evre dostu ta\u015f\u0131ma ara\u00e7lar\u0131n\u0131n kullan\u0131lmas\u0131d\u0131r. D-Ula\u015ft\u0131rma olarak filomuzu, d\u00fc\u015f\u00fck emisyonlu, enerji verimlili\u011fi y\u00fcksek ara\u00e7larla s\u00fcrekli olarak yeniliyoruz. Bu d\u00f6n\u00fc\u015f\u00fcm, ye\u015fil lojistik anlay\u0131\u015f\u0131m\u0131z\u0131n somut bir yans\u0131mas\u0131d\u0131r. Kulland\u0131\u011f\u0131m\u0131z Euro 6 motor teknolojisine sahip \u00e7ekiciler, hem yak\u0131t t\u00fcketimini azalt\u0131yor hem de karbon sal\u0131m\u0131n\u0131 minimum seviyeye indiriyor.<\/p>\n<p class=\"\" data-start=\"667\" data-end=\"1079\">Ye\u015fil lojistik uygulamalar\u0131 kapsam\u0131nda, rota planlamalar\u0131n\u0131 ak\u0131ll\u0131 sistemlerle optimize ediyoruz. B\u00f6ylece bo\u015f kilometrelerin \u00f6n\u00fcne ge\u00e7ilerek hem zaman hem de yak\u0131t tasarrufu sa\u011flan\u0131yor. Verimlilik odakl\u0131 bu yakla\u015f\u0131m, \u00e7evresel etkileri azalt\u0131rken operasyonel s\u00fcre\u00e7leri de iyile\u015ftiriyor. Ayr\u0131ca ara\u00e7lar\u0131m\u0131zda kulland\u0131\u011f\u0131m\u0131z lastikler, daha d\u00fc\u015f\u00fck yuvarlanma direnci sa\u011flayan, \u00e7evreye duyarl\u0131 modellerden se\u00e7ilmi\u015ftir.<\/p>\n<p class=\"\" data-start=\"1081\" data-end=\"1489\">D-Ula\u015ft\u0131rma\u2019n\u0131n ye\u015fil lojistik vizyonu do\u011frultusunda, alternatif enerji kaynaklar\u0131na sahip ara\u00e7 teknolojilerini de yak\u0131ndan takip ediyoruz. Elektrikli ve hibrit ta\u015f\u0131ma sistemleri ile ilgili Ar-Ge \u00e7al\u0131\u015fmalar\u0131n\u0131 destekliyor, \u00f6n\u00fcm\u00fczdeki y\u0131llarda filomuza bu ara\u00e7lar\u0131 dahil etmeyi hedefliyoruz. Bu yakla\u015f\u0131m, \u00e7evre bilinciyle \u015fekillenen ta\u015f\u0131mac\u0131l\u0131k faaliyetlerimizin gelece\u011fe d\u00f6n\u00fck en \u00f6nemli ad\u0131mlar\u0131ndan biridir.<\/p>\n\n\t\t<\/div>\n\t<\/div>\n<\/div><\/div><\/div><\/div><\/div><div class=\"vc_row\"><div class=\"zy-vc-wrapper\"><div class=\"wpb_column kolaso_column vc_column_container vc_col-sm-12\"><div class=\"vc_column-inner\"><div class=\"zy_wrapper wpb_wrapper\"><div class=\"vc_empty_space\"   style=\"height: 32px\"><span class=\"vc_empty_space_inner\"><\/span><\/div><\/div><\/div><\/div><\/div><\/div><div class=\"vc_row\"><div class=\"zy-vc-wrapper\"><div class=\"wpb_column kolaso_column vc_column_container vc_col-sm-4\"><div class=\"vc_column-inner\"><div class=\"zy_wrapper wpb_wrapper\">\n\t<div  class=\"wpb_single_image wpb_content_element vc_align_left\">\n\t\t\n\t\t<figure class=\"wpb_wrapper vc_figure\">\n\t\t\t<div class=\"vc_single_image-wrapper   vc_box_border_grey\"><img width=\"1024\" height=\"1024\" src=\"https:\/\/www.dulastirma.com\/wp-content\/uploads\/2025\/05\/enerji-verimli-depolama.jpg\" class=\"vc_single_image-img attachment-full\" alt=\"Enerji verimli depo\" decoding=\"async\" srcset=\"https:\/\/www.dulastirma.com\/wp-content\/uploads\/2025\/05\/enerji-verimli-depolama.jpg 1024w, https:\/\/www.dulastirma.com\/wp-content\/uploads\/2025\/05\/enerji-verimli-depolama-300x300.jpg 300w, https:\/\/www.dulastirma.com\/wp-content\/uploads\/2025\/05\/enerji-verimli-depolama-150x150.jpg 150w, https:\/\/www.dulastirma.com\/wp-content\/uploads\/2025\/05\/enerji-verimli-depolama-768x768.jpg 768w, https:\/\/www.dulastirma.com\/wp-content\/uploads\/2025\/05\/enerji-verimli-depolama-800x800.jpg 800w, https:\/\/www.dulastirma.com\/wp-content\/uploads\/2025\/05\/enerji-verimli-depolama-400x400.jpg 400w\" sizes=\"(max-width: 1024px) 100vw, 1024px\" \/><\/div>\n\t\t<\/figure>\n\t<\/div>\n<\/div><\/div><\/div><div class=\"wpb_column kolaso_column vc_column_container vc_col-sm-8\"><div class=\"vc_column-inner\"><div class=\"zy_wrapper wpb_wrapper\">\n\t<div class=\"wpb_text_column wpb_content_element\" >\n\t\t<div class=\"wpb_wrapper\">\n\t\t\t<h2 class=\"\" data-start=\"152\" data-end=\"189\"><span class=\"ez-toc-section\" id=\"Enerji_Verimli_Depolama_Sistemleri\"><\/span>Enerji Verimli Depolama Sistemleri<span class=\"ez-toc-section-end\"><\/span><\/h2>\n<p class=\"\" data-start=\"191\" data-end=\"623\">Ye\u015fil lojistik sadece ta\u015f\u0131mac\u0131l\u0131kla s\u0131n\u0131rl\u0131 de\u011fildir; depolama s\u00fcre\u00e7leri de s\u00fcrd\u00fcr\u00fclebilirli\u011fin temel par\u00e7alar\u0131ndan biridir. D-Ula\u015ft\u0131rma olarak depolama faaliyetlerimizi \u00e7evreye duyarl\u0131 ve enerji verimli sistemlerle y\u00fcr\u00fct\u00fcyor, bu alandaki yat\u0131r\u0131mlar\u0131m\u0131z\u0131 s\u00fcrekli olarak geli\u015ftiriyoruz. \u0130zmir Bornova\u2019daki serbest ve g\u00fcmr\u00fckl\u00fc antrepolar\u0131m\u0131zda kulland\u0131\u011f\u0131m\u0131z teknolojiler, minimum enerji t\u00fcketimi ile maksimum verimlilik sa\u011flamaktad\u0131r.<\/p>\n<p class=\"\" data-start=\"625\" data-end=\"1039\">Depo i\u00e7i ayd\u0131nlatmalarda tercih etti\u011fimiz LED sistemleri ve hareket sens\u00f6rleri, enerji israf\u0131n\u0131 \u00f6nleyerek ye\u015fil lojistik hedeflerimizle birebir \u00f6rt\u00fc\u015fmektedir. Ayr\u0131ca \u0131s\u0131 yal\u0131t\u0131m\u0131 y\u00fcksek malzemelerle donat\u0131lm\u0131\u015f so\u011fuk hava depolar\u0131m\u0131zda, s\u0131cakl\u0131k kontrol\u00fc ak\u0131ll\u0131 sistemlerle yap\u0131lmakta ve enerji sarfiyat\u0131 optimize edilmektedir. Bu sayede hem i\u015fletme maliyetlerimizi d\u00fc\u015f\u00fcr\u00fcyor hem de karbon ayak izimizi azalt\u0131yoruz.<\/p>\n<p class=\"\" data-start=\"1041\" data-end=\"1460\">Ye\u015fil lojistik kapsam\u0131nda dijital envanter ve otomasyon sistemleriyle manuel s\u00fcre\u00e7leri en aza indiriyor, ka\u011f\u0131t t\u00fcketimini azaltarak s\u00fcrd\u00fcr\u00fclebilir bir depo y\u00f6netimi modeli benimsiyoruz. Depolarda yap\u0131lan her hareket, veriye dayal\u0131 \u015fekilde analiz edilerek \u00e7evresel etkinin minimize edilmesine katk\u0131 sa\u011fl\u0131yor. Bu yakla\u015f\u0131m, do\u011fayla uyumlu lojistik operasyonlar y\u00fcr\u00fctmek isteyen t\u00fcm i\u015fletmeler i\u00e7in \u00f6rnek te\u015fkil etmektedir.<\/p>\n\n\t\t<\/div>\n\t<\/div>\n<\/div><\/div><\/div><\/div><\/div><div class=\"vc_row\"><div class=\"zy-vc-wrapper\"><div class=\"wpb_column kolaso_column vc_column_container vc_col-sm-12\"><div class=\"vc_column-inner\"><div class=\"zy_wrapper wpb_wrapper\"><div class=\"vc_empty_space\"   style=\"height: 32px\"><span class=\"vc_empty_space_inner\"><\/span><\/div><\/div><\/div><\/div><\/div><\/div><div class=\"vc_row\"><div class=\"zy-vc-wrapper\"><div class=\"wpb_column kolaso_column vc_column_container vc_col-sm-12\"><div class=\"vc_column-inner\"><div class=\"zy_wrapper wpb_wrapper\">\n\t<div class=\"wpb_text_column wpb_content_element\" >\n\t\t<div class=\"wpb_wrapper\">\n\t\t\t<h2 class=\"\" data-start=\"179\" data-end=\"224\"><span class=\"ez-toc-section\" id=\"Atik_Yonetimi_ve_Geri_Donusum_Uygulamalari\"><\/span>At\u0131k Y\u00f6netimi ve Geri D\u00f6n\u00fc\u015f\u00fcm Uygulamalar\u0131<span class=\"ez-toc-section-end\"><\/span><\/h2>\n<p class=\"\" data-start=\"226\" data-end=\"651\">Ye\u015fil lojistik anlay\u0131\u015f\u0131n\u0131n temel yap\u0131 ta\u015flar\u0131ndan biri de etkili at\u0131k y\u00f6netimi ve geri d\u00f6n\u00fc\u015f\u00fcm s\u00fcre\u00e7leridir. D-Ula\u015ft\u0131rma olarak t\u00fcm operasyonlar\u0131m\u0131zda \u00e7evreye duyarl\u0131, s\u00fcrd\u00fcr\u00fclebilir ve sistemli bir at\u0131k y\u00f6netim politikas\u0131 uyguluyoruz. Gerek ta\u015f\u0131ma gerekse depolama s\u00fcre\u00e7lerinde olu\u015fan ambalaj at\u0131klar\u0131, paletler, plastik ve ka\u011f\u0131t \u00fcr\u00fcnler gibi malzemeler s\u0131n\u0131fland\u0131r\u0131larak ayr\u0131 ayr\u0131 geri d\u00f6n\u00fc\u015f\u00fcm zincirine dahil edilmektedir.<\/p>\n<p class=\"\" data-start=\"653\" data-end=\"1188\">Firmam\u0131z\u0131n Bornova\u2019daki tesislerinde kurulu geri d\u00f6n\u00fc\u015f\u00fcm noktalar\u0131 sayesinde, at\u0131klar\u0131n toplanmas\u0131 ve ayr\u0131\u015ft\u0131r\u0131lmas\u0131 d\u00fczenli \u015fekilde yap\u0131lmakta; bu da ye\u015fil lojistik hedeflerimize katk\u0131 sunmaktad\u0131r. \u00d6zellikle so\u011fuk hava depolar\u0131m\u0131zda kullan\u0131lan ambalaj malzemeleri, yeniden de\u011ferlendirilebilir \u00f6zellikte se\u00e7ilmekte ve \u00e7evre \u00fczerindeki etki minimuma indirilmektedir. At\u0131klar\u0131n kayna\u011f\u0131nda azalt\u0131lmas\u0131, geri d\u00f6n\u00fc\u015ft\u00fcr\u00fclmesi ve bertaraf edilmesi s\u00fcre\u00e7leri tamamen yasal d\u00fczenlemelere ve \u00e7evre y\u00f6netim standartlar\u0131na uygun \u015fekilde y\u00fcr\u00fct\u00fcl\u00fcr.<\/p>\n<p class=\"\" data-start=\"1190\" data-end=\"1518\">Ye\u015fil lojistik \u00e7er\u00e7evesinde \u00e7al\u0131\u015fanlar\u0131m\u0131z i\u00e7in d\u00fczenli e\u011fitimler d\u00fczenliyor, hem i\u00e7 ekiplerimizin hem de m\u00fc\u015fterilerimizin \u00e7evre bilinci kazanmas\u0131n\u0131 te\u015fvik ediyoruz. T\u00fcm bu uygulamalar sayesinde yaln\u0131zca bug\u00fcn\u00fcn de\u011fil, yar\u0131n\u0131n kaynaklar\u0131n\u0131 da korumay\u0131 ama\u00e7l\u0131yor; \u00e7evreye duyarl\u0131 bir lojistik modeli ad\u0131m ad\u0131m hayata ge\u00e7iriyoruz.<\/p>\n\n\t\t<\/div>\n\t<\/div>\n<\/div><\/div><\/div><\/div><\/div><div class=\"vc_row\"><div class=\"zy-vc-wrapper\"><div class=\"wpb_column kolaso_column vc_column_container vc_col-sm-12\"><div class=\"vc_column-inner\"><div class=\"zy_wrapper wpb_wrapper\"><div class=\"vc_empty_space\"   style=\"height: 32px\"><span class=\"vc_empty_space_inner\"><\/span><\/div><\/div><\/div><\/div><\/div><\/div><div class=\"vc_row\"><div class=\"zy-vc-wrapper\"><div class=\"wpb_column kolaso_column vc_column_container vc_col-sm-12\"><div class=\"vc_column-inner\"><div class=\"zy_wrapper wpb_wrapper\">\n\t<div class=\"wpb_text_column wpb_content_element\" >\n\t\t<div class=\"wpb_wrapper\">\n\t\t\t<h2 class=\"\" data-start=\"196\" data-end=\"239\"><span class=\"ez-toc-section\" id=\"Dijitallesme_ve_Karbon_Ayak_Izi_Azaltimi\"><\/span>Dijitalle\u015fme ve Karbon Ayak \u0130zi Azalt\u0131m\u0131<span class=\"ez-toc-section-end\"><\/span><\/h2>\n<p class=\"\" data-start=\"241\" data-end=\"645\">Dijital d\u00f6n\u00fc\u015f\u00fcm, modern lojistik sekt\u00f6r\u00fcn\u00fcn en \u00f6nemli kald\u0131ra\u00e7lar\u0131ndan biridir. D-Ula\u015ft\u0131rma olarak ye\u015fil lojistik hedeflerimiz do\u011frultusunda dijitalle\u015fmeyi yaln\u0131zca verimlilik i\u00e7in de\u011fil, ayn\u0131 zamanda \u00e7evresel s\u00fcrd\u00fcr\u00fclebilirlik i\u00e7in de stratejik bir ara\u00e7 olarak g\u00f6r\u00fcyoruz. Ka\u011f\u0131t tabanl\u0131 i\u015flemleri minimuma indirerek hem operasyonel s\u00fcre\u00e7lerimizi h\u0131zland\u0131r\u0131yor hem de do\u011faya olan etkilerimizi azalt\u0131yoruz.<\/p>\n<p class=\"\" data-start=\"647\" data-end=\"1094\">Ta\u015f\u0131mac\u0131l\u0131kta kulland\u0131\u011f\u0131m\u0131z ara\u00e7 takip sistemleri ve rota optimizasyon yaz\u0131l\u0131mlar\u0131, ye\u015fil lojistik anlay\u0131\u015f\u0131m\u0131z\u0131n somut \u00f6rnekleri aras\u0131nda yer al\u0131yor. Bu sistemler sayesinde yak\u0131t t\u00fcketimini ve bo\u015f kilometre oranlar\u0131n\u0131 azalt\u0131yor, karbon sal\u0131n\u0131m\u0131n\u0131 \u00f6nemli \u00f6l\u00e7\u00fcde d\u00fc\u015f\u00fcr\u00fcyoruz. Ayn\u0131 zamanda dijital belge y\u00f6netimi, e-fatura, e-irsaliye gibi \u00e7\u00f6z\u00fcmlerle fiziksel evrak t\u00fcketimini s\u0131f\u0131ra yak\u0131n hale getirerek s\u00fcrd\u00fcr\u00fclebilirli\u011fe do\u011frudan katk\u0131 sa\u011fl\u0131yoruz.<\/p>\n<p class=\"\" data-start=\"1096\" data-end=\"1486\">Ye\u015fil lojistik kapsam\u0131nda hayata ge\u00e7irdi\u011fimiz otomasyon sistemleri, depo i\u00e7i operasyonlarda insan kaynakl\u0131 hata oran\u0131n\u0131 azalt\u0131rken, enerji ve zaman tasarrufu sa\u011fl\u0131yor. T\u00fcm s\u00fcre\u00e7lerin dijital veriyle izlenebilir olmas\u0131, hem \u015feffafl\u0131k hem de \u00e7evresel etki takibi a\u00e7\u0131s\u0131ndan b\u00fcy\u00fck avantaj sunuyor. Bu sayede sadece bug\u00fcn\u00fcn de\u011fil, gelece\u011fin lojistik modeline de bug\u00fcnden yat\u0131r\u0131m yapm\u0131\u015f oluyoruz.<\/p>\n<p class=\"\" data-start=\"1488\" data-end=\"1839\">D-Ula\u015ft\u0131rma olarak dijitalle\u015fmeyi bir l\u00fcks de\u011fil, ye\u015fil lojistik hedeflerimizin ayr\u0131lmaz bir par\u00e7as\u0131 olarak de\u011ferlendiriyoruz. Karbon ayak izimizi azaltma konusundaki kararl\u0131l\u0131\u011f\u0131m\u0131z, att\u0131\u011f\u0131m\u0131z her dijital ad\u0131mda daha net ortaya \u00e7\u0131k\u0131yor. Teknolojiyi \u00e7evreci \u00e7\u00f6z\u00fcmlerle birle\u015ftirerek hem rekabet g\u00fcc\u00fcm\u00fcz\u00fc art\u0131r\u0131yor hem de do\u011fay\u0131 korumaya devam ediyoruz.<\/p>\n\n\t\t<\/div>\n\t<\/div>\n<\/div><\/div><\/div><\/div><\/div><div class=\"vc_row\"><div class=\"zy-vc-wrapper\"><div class=\"wpb_column kolaso_column vc_column_container vc_col-sm-12\"><div class=\"vc_column-inner\"><div class=\"zy_wrapper wpb_wrapper\"><div class=\"vc_empty_space\"   style=\"height: 32px\"><span class=\"vc_empty_space_inner\"><\/span><\/div><\/div><\/div><\/div><\/div><\/div><div class=\"vc_row\"><div class=\"zy-vc-wrapper\"><div class=\"wpb_column kolaso_column vc_column_container vc_col-sm-12\"><div class=\"vc_column-inner\"><div class=\"zy_wrapper wpb_wrapper\">\n\t<div class=\"wpb_text_column wpb_content_element\" >\n\t\t<div class=\"wpb_wrapper\">\n\t\t\t<h2 class=\"\" data-start=\"192\" data-end=\"248\"><span class=\"ez-toc-section\" id=\"ADR_ve_Soguk_Zincir_Tasimaciliginda_Surdurulebilirlik\"><\/span>ADR ve So\u011fuk Zincir Ta\u015f\u0131mac\u0131l\u0131\u011f\u0131nda S\u00fcrd\u00fcr\u00fclebilirlik<span class=\"ez-toc-section-end\"><\/span><\/h2>\n<p class=\"\" data-start=\"250\" data-end=\"741\"><a href=\"https:\/\/www.dulastirma.com\/en\/adr-nedir-tehlikeli-madde-siniflari-nelerdir\/\"><strong>ADR (Tehlikeli Madde Ta\u015f\u0131mac\u0131l\u0131\u011f\u0131)<\/strong><\/a> ve so\u011fuk zincir lojisti\u011fi, do\u011frudan insan sa\u011fl\u0131\u011f\u0131 ve \u00e7evre g\u00fcvenli\u011fiyle ili\u015fkili en hassas ta\u015f\u0131mac\u0131l\u0131k alanlar\u0131 aras\u0131nda yer al\u0131r. D-Ula\u015ft\u0131rma olarak, ye\u015fil lojistik ilkelerini bu y\u00fcksek riskli operasyonlara entegre ederek hem \u00e7evreye hem de topluma duyarl\u0131 bir hizmet anlay\u0131\u015f\u0131 benimsiyoruz. Bu alandaki s\u00fcrd\u00fcr\u00fclebilirlik \u00e7abalar\u0131m\u0131z, yaln\u0131zca d\u00fczenlemelere uyum sa\u011flamakla kalmaz; ayn\u0131 zamanda sorumlu kurumsal vatanda\u015fl\u0131k anlay\u0131\u015f\u0131m\u0131z\u0131n bir g\u00f6stergesidir.<\/p>\n<p class=\"\" data-start=\"743\" data-end=\"1161\">Ye\u015fil lojistik yakla\u015f\u0131m\u0131m\u0131z kapsam\u0131nda, ADR ta\u015f\u0131malar\u0131nda kullan\u0131lan ara\u00e7lar\u0131m\u0131z\u0131 d\u00fc\u015f\u00fck emisyonlu motorlarla donat\u0131yor, d\u00fczenli bak\u0131m ve emisyon kontrolleriyle karbon sal\u0131n\u0131m\u0131n\u0131 en aza indiriyoruz. Ayr\u0131ca e\u011fitimli s\u00fcr\u00fcc\u00fclerimiz sayesinde hem g\u00fcvenlik hem de \u00e7evresel etki a\u00e7\u0131s\u0131ndan maksimum dikkat sa\u011fl\u0131yoruz. Bu sistemli yakla\u015f\u0131m, tehlikeli madde ta\u015f\u0131mac\u0131l\u0131\u011f\u0131nda do\u011faya zarar vermeden hizmet vermemizi m\u00fcmk\u00fcn k\u0131l\u0131yor.<\/p>\n<p class=\"\" data-start=\"1163\" data-end=\"1613\">So\u011fuk zincir ta\u015f\u0131mac\u0131l\u0131\u011f\u0131nda ise enerji t\u00fcketimi, ye\u015fil lojistik a\u00e7\u0131s\u0131ndan kritik bir \u00f6neme sahiptir. So\u011futuculu ara\u00e7lar\u0131m\u0131zda kulland\u0131\u011f\u0131m\u0131z y\u00fcksek verimli izolasyon teknolojileri, hem \u00fcr\u00fcn kalitesini korur hem de enerji tasarrufu sa\u011flar. Ayr\u0131ca rota optimizasyonu ve dijital izleme sistemleri sayesinde, so\u011fuk zincir s\u00fcreklili\u011fini en k\u0131sa ve verimli yollarla sa\u011fl\u0131yoruz. B\u00f6ylece hem zaman kazanc\u0131 sa\u011flan\u0131yor hem de karbon ayak izi azalt\u0131lm\u0131\u015f oluyor.<\/p>\n<p class=\"\" data-start=\"1615\" data-end=\"1948\">D-Ula\u015ft\u0131rma olarak, ye\u015fil lojistik ilkesini yaln\u0131zca standart ta\u015f\u0131mac\u0131l\u0131\u011fa de\u011fil; ADR ve so\u011fuk zincir gibi \u00f6zel alanlara da yans\u0131tarak sekt\u00f6rde fark yarat\u0131yoruz. Enerji verimlili\u011fi, at\u0131k y\u00f6netimi ve \u00e7evreye duyarl\u0131l\u0131k gibi alanlarda g\u00f6sterdi\u011fimiz hassasiyetle, s\u00fcrd\u00fcr\u00fclebilir bir lojistik modelini kal\u0131c\u0131 hale getirmeyi hedefliyoruz.<\/p>\n\n\t\t<\/div>\n\t<\/div>\n<\/div><\/div><\/div><\/div><\/div><div class=\"vc_row\"><div class=\"zy-vc-wrapper\"><div class=\"wpb_column kolaso_column vc_column_container vc_col-sm-12\"><div class=\"vc_column-inner\"><div class=\"zy_wrapper wpb_wrapper\"><div class=\"vc_empty_space\"   style=\"height: 32px\"><span class=\"vc_empty_space_inner\"><\/span><\/div><\/div><\/div><\/div><\/div><\/div><div class=\"vc_row\"><div class=\"zy-vc-wrapper\"><div class=\"wpb_column kolaso_column vc_column_container vc_col-sm-1\/5\"><div class=\"vc_column-inner\"><div class=\"zy_wrapper wpb_wrapper\"><\/div><\/div><\/div><div class=\"wpb_column kolaso_column vc_column_container vc_col-sm-3\/5\"><div class=\"vc_column-inner\"><div class=\"zy_wrapper wpb_wrapper\">\n\t<div class=\"wpb_text_column wpb_content_element\" >\n\t\t<div class=\"wpb_wrapper\">\n\t\t\t<p><a href=\"https:\/\/www.dulastirma.com\/en\/\"><strong>D-Ula\u015ft\u0131rma<\/strong><\/a>, hem ADR hem de so\u011fuk zincir ta\u015f\u0131mac\u0131l\u0131\u011f\u0131 gibi y\u00fcksek hassasiyet gerektiren hizmetlerde <em data-start=\"181\" data-end=\"197\">ye\u015fil lojistik<\/em> prensiplerini kararl\u0131l\u0131kla uygulayarak, s\u00fcrd\u00fcr\u00fclebilir bir gelecek i\u00e7in sorumluluk \u00fcstlenmektedir. Bu yakla\u015f\u0131m sayesinde sadece lojistik hizmeti sunmakla kalm\u0131yor, ayn\u0131 zamanda \u00e7evre bilincini ta\u015f\u0131yan bir sekt\u00f6r d\u00f6n\u00fc\u015f\u00fcm\u00fcn\u00fcn de \u00f6nc\u00fcs\u00fc olmay\u0131 hedefliyoruz.<\/p>\n\n\t\t<\/div>\n\t<\/div>\n<\/div><\/div><\/div><div class=\"wpb_column kolaso_column vc_column_container vc_col-sm-1\/5\"><div class=\"vc_column-inner\"><div class=\"zy_wrapper wpb_wrapper\"><\/div><\/div><\/div><\/div><\/div>","protected":false},"excerpt":{"rendered":"Ye\u015fil Lojistik Nedir? G\u00fcn\u00fcm\u00fczde lojistik sekt\u00f6r\u00fcnde \u00e7evresel s\u00fcrd\u00fcr\u00fclebilirlik, yaln\u0131zca bir tercih de\u011fil; ayn\u0131 zamanda bir sorumluluk haline gelmi\u015ftir. Ye\u015fil lojistik, lojistik faaliyetlerin do\u011faya olan olumsuz etkilerini azaltmay\u0131 hedefleyen bir yakla\u015f\u0131md\u0131r. Bu kapsamda; ta\u015f\u0131mac\u0131l\u0131k, depolama, ambalajlama ve da\u011f\u0131t\u0131m gibi s\u00fcre\u00e7lerde \u00e7evreye duyarl\u0131 uygulamalar benimsenir. Ye\u015fil lojistik, karbon sal\u0131m\u0131n\u0131 azaltmay\u0131, enerji t\u00fcketimini minimuma indirmeyi, at\u0131k y\u00f6netimini etkin [...]","protected":false},"author":1,"featured_media":0,"parent":0,"menu_order":0,"comment_status":"closed","ping_status":"closed","template":"","meta":{"footnotes":""},"aioseo_notices":[],"_links":{"self":[{"href":"https:\/\/www.dulastirma.com\/en\/wp-json\/wp\/v2\/pages\/2901"}],"collection":[{"href":"https:\/\/www.dulastirma.com\/en\/wp-json\/wp\/v2\/pages"}],"about":[{"href":"https:\/\/www.dulastirma.com\/en\/wp-json\/wp\/v2\/types\/page"}],"author":[{"embeddable":true,"href":"https:\/\/www.dulastirma.com\/en\/wp-json\/wp\/v2\/users\/1"}],"replies":[{"embeddable":true,"href":"https:\/\/www.dulastirma.com\/en\/wp-json\/wp\/v2\/comments?post=2901"}],"version-history":[{"count":3,"href":"https:\/\/www.dulastirma.com\/en\/wp-json\/wp\/v2\/pages\/2901\/revisions"}],"predecessor-version":[{"id":5803,"href":"https:\/\/www.dulastirma.com\/en\/wp-json\/wp\/v2\/pages\/2901\/revisions\/5803"}],"wp:attachment":[{"href":"https:\/\/www.dulastirma.com\/en\/wp-json\/wp\/v2\/media?parent=2901"}],"curies":[{"name":"wp","href":"https:\/\/api.w.org\/{rel}","templated":true}]}}